{"id":318,"date":"2025-03-25T21:12:41","date_gmt":"2025-03-25T21:12:41","guid":{"rendered":"https:\/\/www.circulatam.com\/?post_type=nuestro-equipo&#038;p=318"},"modified":"2025-04-04T17:42:55","modified_gmt":"2025-04-04T17:42:55","slug":"andrea-mejia-fajardo","status":"publish","type":"nuestro-equipo","link":"https:\/\/www.circulatam.com\/en\/nuestro-equipo\/andrea-mejia-fajardo\/","title":{"rendered":"Andrea Mej\u00eda Fajardo"},"featured_media":1129,"template":"","class_list":["post-318","nuestro-equipo","type-nuestro-equipo","status-publish","has-post-thumbnail","hentry"],"yoast_head":"<!-- This site is optimized with the Yoast SEO plugin v24.7 - https:\/\/yoast.com\/wordpress\/plugins\/seo\/ -->\n<title>Nuestro equipo: Andrea Mej\u00eda Fajardo y CKO | Circulatam<\/title>\n<meta name=\"description\" content=\"Conoce a Andrea Mej\u00eda Fajardo, l\u00edder en proyectos de sostenibilidad y econom\u00eda circular en Circulatam. Comprometida con el impacto ambiental positivo.\" \/>\n<meta name=\"robots\" content=\"index, follow, max-snippet:-1, max-image-preview:large, max-video-preview:-1\" \/>\n<link rel=\"canonical\" href=\"https:\/\/www.circulatam.com\/en\/nuestro-equipo\/andrea-mejia-fajardo\/\" \/>\n<meta property=\"og:locale\" content=\"en_US\" \/>\n<meta property=\"og:type\" content=\"article\" \/>\n<meta property=\"og:title\" content=\"Nuestro equipo: Andrea Mej\u00eda Fajardo y CKO | Circulatam\" \/>\n<meta property=\"og:description\" content=\"Conoce a Andrea Mej\u00eda Fajardo, l\u00edder en proyectos de sostenibilidad y econom\u00eda circular en Circulatam. Comprometida con el impacto ambiental positivo.\" \/>\n<meta property=\"og:url\" content=\"https:\/\/www.circulatam.com\/en\/nuestro-equipo\/andrea-mejia-fajardo\/\" \/>\n<meta property=\"og:site_name\" content=\"Circulatam\" \/>\n<meta property=\"article:modified_time\" content=\"2025-04-04T17:42:55+00:00\" \/>\n<meta property=\"og:image\" content=\"https:\/\/www.circulatam.com\/wp-content\/uploads\/2025\/03\/de-marzo-Portada-de-reel-de-Instagram-3.png\" \/>\n\t<meta property=\"og:image:width\" content=\"1080\" \/>\n\t<meta property=\"og:image:height\" content=\"1920\" \/>\n\t<meta property=\"og:image:type\" content=\"image\/png\" \/>\n<meta name=\"twitter:card\" content=\"summary_large_image\" \/>\n<meta name=\"twitter:label1\" content=\"Est. reading time\" \/>\n\t<meta name=\"twitter:data1\" content=\"1 minute\" \/>\n<script type=\"application\/ld+json\" class=\"yoast-schema-graph\">{\"@context\":\"https:\/\/schema.org\",\"@graph\":[{\"@type\":\"WebPage\",\"@id\":\"https:\/\/www.circulatam.com\/nuestro-equipo\/andrea-mejia-fajardo\/\",\"url\":\"https:\/\/www.circulatam.com\/nuestro-equipo\/andrea-mejia-fajardo\/\",\"name\":\"Nuestro equipo: Andrea Mej\u00eda Fajardo y CKO | Circulatam\",\"isPartOf\":{\"@id\":\"https:\/\/www.circulatam.com\/#website\"},\"primaryImageOfPage\":{\"@id\":\"https:\/\/www.circulatam.com\/nuestro-equipo\/andrea-mejia-fajardo\/#primaryimage\"},\"image\":{\"@id\":\"https:\/\/www.circulatam.com\/nuestro-equipo\/andrea-mejia-fajardo\/#primaryimage\"},\"thumbnailUrl\":\"https:\/\/www.circulatam.com\/wp-content\/uploads\/2025\/03\/de-marzo-Portada-de-reel-de-Instagram-3.png\",\"datePublished\":\"2025-03-25T21:12:41+00:00\",\"dateModified\":\"2025-04-04T17:42:55+00:00\",\"description\":\"Conoce a Andrea Mej\u00eda Fajardo, l\u00edder en proyectos de sostenibilidad y econom\u00eda circular en Circulatam. Comprometida con el impacto ambiental positivo.\",\"breadcrumb\":{\"@id\":\"https:\/\/www.circulatam.com\/nuestro-equipo\/andrea-mejia-fajardo\/#breadcrumb\"},\"inLanguage\":\"en-US\",\"potentialAction\":[{\"@type\":\"ReadAction\",\"target\":[\"https:\/\/www.circulatam.com\/nuestro-equipo\/andrea-mejia-fajardo\/\"]}]},{\"@type\":\"ImageObject\",\"inLanguage\":\"en-US\",\"@id\":\"https:\/\/www.circulatam.com\/nuestro-equipo\/andrea-mejia-fajardo\/#primaryimage\",\"url\":\"https:\/\/www.circulatam.com\/wp-content\/uploads\/2025\/03\/de-marzo-Portada-de-reel-de-Instagram-3.png\",\"contentUrl\":\"https:\/\/www.circulatam.com\/wp-content\/uploads\/2025\/03\/de-marzo-Portada-de-reel-de-Instagram-3.png\",\"width\":1080,\"height\":1920},{\"@type\":\"BreadcrumbList\",\"@id\":\"https:\/\/www.circulatam.com\/nuestro-equipo\/andrea-mejia-fajardo\/#breadcrumb\",\"itemListElement\":[{\"@type\":\"ListItem\",\"position\":1,\"name\":\"Portada\",\"item\":\"https:\/\/www.circulatam.com\/\"},{\"@type\":\"ListItem\",\"position\":2,\"name\":\"Nuestro Equipo\",\"item\":\"https:\/\/www.circulatam.com\/nuestro-equipo\/\"},{\"@type\":\"ListItem\",\"position\":3,\"name\":\"Andrea Mej\u00eda Fajardo\"}]},{\"@type\":\"WebSite\",\"@id\":\"https:\/\/www.circulatam.com\/#website\",\"url\":\"https:\/\/www.circulatam.com\/\",\"name\":\"Circulatam\",\"description\":\"\",\"publisher\":{\"@id\":\"https:\/\/www.circulatam.com\/#organization\"},\"potentialAction\":[{\"@type\":\"SearchAction\",\"target\":{\"@type\":\"EntryPoint\",\"urlTemplate\":\"https:\/\/www.circulatam.com\/?s={search_term_string}\"},\"query-input\":{\"@type\":\"PropertyValueSpecification\",\"valueRequired\":true,\"valueName\":\"search_term_string\"}}],\"inLanguage\":\"en-US\"},{\"@type\":\"Organization\",\"@id\":\"https:\/\/www.circulatam.com\/#organization\",\"name\":\"Circulatam\",\"url\":\"https:\/\/www.circulatam.com\/\",\"logo\":{\"@type\":\"ImageObject\",\"inLanguage\":\"en-US\",\"@id\":\"https:\/\/www.circulatam.com\/#\/schema\/logo\/image\/\",\"url\":\"https:\/\/www.circulatam.com\/wp-content\/uploads\/2025\/03\/logo-circulatam-azul.png\",\"contentUrl\":\"https:\/\/www.circulatam.com\/wp-content\/uploads\/2025\/03\/logo-circulatam-azul.png\",\"width\":308,\"height\":109,\"caption\":\"Circulatam\"},\"image\":{\"@id\":\"https:\/\/www.circulatam.com\/#\/schema\/logo\/image\/\"}}]}<\/script>\n<!-- \/ Yoast SEO plugin. -->","yoast_head_json":{"title":"Nuestro equipo: Andrea Mej\u00eda Fajardo y CKO | Circulatam","description":"Conoce a Andrea Mej\u00eda Fajardo, l\u00edder en proyectos de sostenibilidad y econom\u00eda circular en Circulatam. Comprometida con el impacto ambiental positivo.","robots":{"index":"index","follow":"follow","max-snippet":"max-snippet:-1","max-image-preview":"max-image-preview:large","max-video-preview":"max-video-preview:-1"},"canonical":"https:\/\/www.circulatam.com\/en\/nuestro-equipo\/andrea-mejia-fajardo\/","og_locale":"en_US","og_type":"article","og_title":"Nuestro equipo: Andrea Mej\u00eda Fajardo y CKO | Circulatam","og_description":"Conoce a Andrea Mej\u00eda Fajardo, l\u00edder en proyectos de sostenibilidad y econom\u00eda circular en Circulatam. Comprometida con el impacto ambiental positivo.","og_url":"https:\/\/www.circulatam.com\/en\/nuestro-equipo\/andrea-mejia-fajardo\/","og_site_name":"Circulatam","article_modified_time":"2025-04-04T17:42:55+00:00","og_image":[{"width":1080,"height":1920,"url":"https:\/\/www.circulatam.com\/wp-content\/uploads\/2025\/03\/de-marzo-Portada-de-reel-de-Instagram-3.png","type":"image\/png"}],"twitter_card":"summary_large_image","twitter_misc":{"Est. reading time":"1 minute"},"schema":{"@context":"https:\/\/schema.org","@graph":[{"@type":"WebPage","@id":"https:\/\/www.circulatam.com\/nuestro-equipo\/andrea-mejia-fajardo\/","url":"https:\/\/www.circulatam.com\/nuestro-equipo\/andrea-mejia-fajardo\/","name":"Nuestro equipo: Andrea Mej\u00eda Fajardo y CKO | Circulatam","isPartOf":{"@id":"https:\/\/www.circulatam.com\/#website"},"primaryImageOfPage":{"@id":"https:\/\/www.circulatam.com\/nuestro-equipo\/andrea-mejia-fajardo\/#primaryimage"},"image":{"@id":"https:\/\/www.circulatam.com\/nuestro-equipo\/andrea-mejia-fajardo\/#primaryimage"},"thumbnailUrl":"https:\/\/www.circulatam.com\/wp-content\/uploads\/2025\/03\/de-marzo-Portada-de-reel-de-Instagram-3.png","datePublished":"2025-03-25T21:12:41+00:00","dateModified":"2025-04-04T17:42:55+00:00","description":"Conoce a Andrea Mej\u00eda Fajardo, l\u00edder en proyectos de sostenibilidad y econom\u00eda circular en Circulatam. Comprometida con el impacto ambiental positivo.","breadcrumb":{"@id":"https:\/\/www.circulatam.com\/nuestro-equipo\/andrea-mejia-fajardo\/#breadcrumb"},"inLanguage":"en-US","potentialAction":[{"@type":"ReadAction","target":["https:\/\/www.circulatam.com\/nuestro-equipo\/andrea-mejia-fajardo\/"]}]},{"@type":"ImageObject","inLanguage":"en-US","@id":"https:\/\/www.circulatam.com\/nuestro-equipo\/andrea-mejia-fajardo\/#primaryimage","url":"https:\/\/www.circulatam.com\/wp-content\/uploads\/2025\/03\/de-marzo-Portada-de-reel-de-Instagram-3.png","contentUrl":"https:\/\/www.circulatam.com\/wp-content\/uploads\/2025\/03\/de-marzo-Portada-de-reel-de-Instagram-3.png","width":1080,"height":1920},{"@type":"BreadcrumbList","@id":"https:\/\/www.circulatam.com\/nuestro-equipo\/andrea-mejia-fajardo\/#breadcrumb","itemListElement":[{"@type":"ListItem","position":1,"name":"Portada","item":"https:\/\/www.circulatam.com\/"},{"@type":"ListItem","position":2,"name":"Nuestro Equipo","item":"https:\/\/www.circulatam.com\/nuestro-equipo\/"},{"@type":"ListItem","position":3,"name":"Andrea Mej\u00eda Fajardo"}]},{"@type":"WebSite","@id":"https:\/\/www.circulatam.com\/#website","url":"https:\/\/www.circulatam.com\/","name":"Circulatam","description":"","publisher":{"@id":"https:\/\/www.circulatam.com\/#organization"},"potentialAction":[{"@type":"SearchAction","target":{"@type":"EntryPoint","urlTemplate":"https:\/\/www.circulatam.com\/?s={search_term_string}"},"query-input":{"@type":"PropertyValueSpecification","valueRequired":true,"valueName":"search_term_string"}}],"inLanguage":"en-US"},{"@type":"Organization","@id":"https:\/\/www.circulatam.com\/#organization","name":"Circulatam","url":"https:\/\/www.circulatam.com\/","logo":{"@type":"ImageObject","inLanguage":"en-US","@id":"https:\/\/www.circulatam.com\/#\/schema\/logo\/image\/","url":"https:\/\/www.circulatam.com\/wp-content\/uploads\/2025\/03\/logo-circulatam-azul.png","contentUrl":"https:\/\/www.circulatam.com\/wp-content\/uploads\/2025\/03\/logo-circulatam-azul.png","width":308,"height":109,"caption":"Circulatam"},"image":{"@id":"https:\/\/www.circulatam.com\/#\/schema\/logo\/image\/"}}]}},"_links":{"self":[{"href":"https:\/\/www.circulatam.com\/en\/wp-json\/wp\/v2\/nuestro-equipo\/318","targetHints":{"allow":["GET"]}}],"collection":[{"href":"https:\/\/www.circulatam.com\/en\/wp-json\/wp\/v2\/nuestro-equipo"}],"about":[{"href":"https:\/\/www.circulatam.com\/en\/wp-json\/wp\/v2\/types\/nuestro-equipo"}],"wp:featuredmedia":[{"embeddable":true,"href":"https:\/\/www.circulatam.com\/en\/wp-json\/wp\/v2\/media\/1129"}],"wp:attachment":[{"href":"https:\/\/www.circulatam.com\/en\/wp-json\/wp\/v2\/media?parent=318"}],"curies":[{"name":"wp","href":"https:\/\/api.w.org\/{rel}","templated":true}]}}